{"id":729,"date":"2021-07-21T13:13:41","date_gmt":"2021-07-21T11:13:41","guid":{"rendered":"https:\/\/www.tln-aqua.ch\/?page_id=729"},"modified":"2024-03-04T14:41:41","modified_gmt":"2024-03-04T13:41:41","slug":"leau","status":"publish","type":"page","link":"https:\/\/tln-aqua.ch\/fr\/leau\/","title":{"rendered":"L&rsquo;eau"},"content":{"rendered":"<section class=\"l-section wpb_row height_auto with_img with_video with_shape\"><div class=\"l-section-img\" role=\"img\" aria-label=\"Image\" data-img-width=\"2000\" data-img-height=\"1125\" style=\"background-image: url(https:\/\/tln-aqua.ch\/wp-content\/uploads\/2021\/07\/tln-twannbach.jpg);\"><\/div><div id=\"us_bg_video_w0ab\" class=\"l-section-video\"><script id=\"us_bg_video_w0ab-script\">!function(w){var node = document.getElementById( 'us_bg_video_w0ab' );if ( w.innerWidth <= 600 ) { node.remove() }}(window);<\/script><style>@media(max-width:600px){#us_bg_video_w0ab{display:none!important}}<\/style><video  autoplay loop muted playsinline preload=\"auto\" tabindex=\"-1\"><source type=\"video\/mp4\" src=\"\/wp-content\/uploads\/2021\/06\/header_wasser_03.mp4\" \/><\/video><\/div><div class=\"l-section-shape type_wave pos_bottom on_front\" style=\"height:50px;\"><svg xmlns=\"http:\/\/www.w3.org\/2000\/svg\" viewBox=\"0 4 64 4\" preserveAspectRatio=\"none\" width=\"100%\" height=\"100%\">\r\n\t<path fill=\"currentColor\" d=\"M64 6 C32 0 32 12 0 6 L0 8 L64 8 Z\"\/>\r\n<\/svg><\/div><div class=\"l-section-h i-cf\"><div class=\"g-cols vc_row via_flex valign_top type_default stacking_default\"><div class=\"vc_col-sm-12 wpb_column vc_column_container\"><div class=\"vc_column-inner\"><div class=\"wpb_wrapper\"><div class=\"w-separator size_custom\" style=\"height:33vw\" id=\"oded\"><style>@media(max-width:1024px){ #oded{height:300px!important}}@media(max-width:600px){ #oded{height:300px!important}}<\/style><\/div><\/div><\/div><\/div><\/div><\/div><\/section><section class=\"l-section wpb_row height_medium width_full with_shape\" id=\"leaupotable\"><div class=\"l-section-shape type_wave pos_top hor_flip\" style=\"height:5vh;\"><svg xmlns=\"http:\/\/www.w3.org\/2000\/svg\" viewBox=\"0 4 64 4\" preserveAspectRatio=\"none\" width=\"100%\" height=\"100%\">\r\n\t<path fill=\"currentColor\" d=\"M64 6 C32 0 32 12 0 6 L0 8 L64 8 Z\"\/>\r\n<\/svg><\/div><div class=\"l-section-h i-cf\"><div class=\"g-cols vc_row via_flex valign_top type_boxes stacking_default\"><div class=\"vc_col-sm-12 wpb_column vc_column_container\"><div class=\"vc_column-inner\"><div class=\"wpb_wrapper\"><div class=\"g-cols wpb_row via_flex valign_middle type_default stacking_default\"><div class=\"vc_col-sm-6 wpb_column vc_column_container alarm\"><div class=\"vc_column-inner\"><div class=\"wpb_wrapper\"><div class=\"wpb_text_column\"><div class=\"wpb_wrapper\"><h2>L&rsquo;eau potable \u2013 Un bien pr\u00e9cieux<\/h2>\n<p>Le TLN approvisionne les communes de Twann-T\u00fcscherz, Ligerz et La Neuveville en leur denr\u00e9e la plus importante, \u00e0 savoir l&rsquo;eau potable. \u00a0Le TLN s\u2019engage \u00e0 ce qu&rsquo;une eau potable de qualit\u00e9\u00a0 parvienne \u00e0 ses clientes et clients \u00e0 tout moment.<\/p>\n<p>L\u2019eau potable est claire et rafra\u00eechissante, pr\u00eate pour l\u2019hygi\u00e8ne personnelle quotidienne, les loisirs, cuisiner et se d\u00e9salt\u00e9rer. Une eau saine est la base de notre culture. L\u2019eau potable est l\u2019aliment irrempla\u00e7able dont nous avons besoin chaque jour en quantit\u00e9 suffisante et de bonne qualit\u00e9.<\/p>\n<p>Bien que l&rsquo;eau potable soit tr\u00e8s bon march\u00e9 en Suisse, son approvisionnement et son contr\u00f4le co\u00fbtent de l&rsquo;argent. Chaque goutte d&rsquo;eau potable doit \u00eatre purifi\u00e9e dans la station d&rsquo;\u00e9puration des eaux us\u00e9es apr\u00e8s utilisation. Nous devons donc prendre soin de ce bien pr\u00e9cieux et \u00e9conomiser l&rsquo;eau.<\/p>\n<\/div><\/div><\/div><\/div><\/div><div class=\"vc_col-sm-6 wpb_column vc_column_container\"><div class=\"vc_column-inner\"><div class=\"wpb_wrapper\"><div class=\"w-image align_none\"><div class=\"w-image-h\"><img decoding=\"async\" width=\"1500\" height=\"1001\" src=\"https:\/\/tln-aqua.ch\/wp-content\/uploads\/2021\/07\/DSC_6793.jpg\" class=\"attachment-full size-full\" alt=\"\" loading=\"lazy\" srcset=\"https:\/\/tln-aqua.ch\/wp-content\/uploads\/2021\/07\/DSC_6793.jpg 1500w, https:\/\/tln-aqua.ch\/wp-content\/uploads\/2021\/07\/DSC_6793-300x200.jpg 300w, https:\/\/tln-aqua.ch\/wp-content\/uploads\/2021\/07\/DSC_6793-1024x683.jpg 1024w\" sizes=\"auto, (max-width: 1500px) 100vw, 1500px\" \/><\/div><\/div><\/div><\/div><\/div><\/div><div class=\"w-separator size_huge\"><\/div><div class=\"g-cols wpb_row via_flex valign_middle type_default stacking_default\"><div class=\"vc_col-sm-6 wpb_column vc_column_container\"><div class=\"vc_column-inner\"><div class=\"wpb_wrapper\"><div class=\"w-image align_none\"><div class=\"w-image-h\"><img decoding=\"async\" width=\"1024\" height=\"724\" src=\"https:\/\/tln-aqua.ch\/wp-content\/uploads\/2021\/08\/TLN_plan-lac-de-Bienne_logo-NEW-1-1024x724.png\" class=\"attachment-large size-large\" alt=\"\" loading=\"lazy\" srcset=\"https:\/\/tln-aqua.ch\/wp-content\/uploads\/2021\/08\/TLN_plan-lac-de-Bienne_logo-NEW-1-1024x724.png 1024w, https:\/\/tln-aqua.ch\/wp-content\/uploads\/2021\/08\/TLN_plan-lac-de-Bienne_logo-NEW-1-300x212.png 300w, https:\/\/tln-aqua.ch\/wp-content\/uploads\/2021\/08\/TLN_plan-lac-de-Bienne_logo-NEW-1.png 1448w\" sizes=\"auto, (max-width: 1024px) 100vw, 1024px\" \/><\/div><\/div><\/div><\/div><\/div><div class=\"vc_col-sm-6 wpb_column vc_column_container\"><div class=\"vc_column-inner\"><div class=\"wpb_wrapper\"><div class=\"wpb_text_column\"><div class=\"wpb_wrapper\"><h2>Provenance de l&rsquo;eau<\/h2>\n<ul>\n<li>Twann &#8211; Ligerz: le 100% de l&rsquo;eau potable provient de la source Brunnm\u00fcli<\/li>\n<li>T\u00fcscherz &#8211; Alferm\u00e9e: le 100% de l&rsquo;eau potable provient de l&rsquo;Energie Service Biel\/Bienne (ESB)<\/li>\n<li>La Neuveville: le 100% de l&rsquo;eau potable provient de la nappe phr\u00e9atique du Pr\u00e9s de La Tour \u00e0 La Neuveville<\/li>\n<\/ul>\n<\/div><\/div><\/div><\/div><\/div><\/div><\/div><\/div><\/div><\/div><\/div><\/section><section class=\"l-section wpb_row height_medium width_full with_shape\" id=\"qualite\"><div class=\"l-section-shape type_wave pos_top hor_flip\" style=\"height:5vh;\"><svg xmlns=\"http:\/\/www.w3.org\/2000\/svg\" viewBox=\"0 4 64 4\" preserveAspectRatio=\"none\" width=\"100%\" height=\"100%\">\r\n\t<path fill=\"currentColor\" d=\"M64 6 C32 0 32 12 0 6 L0 8 L64 8 Z\"\/>\r\n<\/svg><\/div><div class=\"l-section-h i-cf\"><div class=\"g-cols vc_row via_flex valign_top type_boxes stacking_default\"><div class=\"vc_col-sm-12 wpb_column vc_column_container\"><div class=\"vc_column-inner\"><div class=\"wpb_wrapper\"><div class=\"g-cols wpb_row via_flex valign_top type_default stacking_default\"><div class=\"vc_col-sm-8 wpb_column vc_column_container\"><div class=\"vc_column-inner\"><div class=\"wpb_wrapper\"><div class=\"wpb_text_column\"><div class=\"wpb_wrapper\"><h2>Qualit\u00e9 de l&rsquo;eau potable<\/h2>\n<p>Pour garantir la qualit\u00e9 de l&rsquo;eau potable et le respect des exigences de la l\u00e9gislation alimentaire, TLN travaille selon les directives W12 de la SSIGE. Le processus reconnu par l&rsquo;Office f\u00e9d\u00e9ral de la s\u00e9curit\u00e9 alimentaire et v\u00e9t\u00e9rinaire (OSAV) contient des sp\u00e9cifications pour le respect des \u00abbonnes pratiques de fabrication et d&rsquo;hygi\u00e8ne\u00bb (GHP) et pour l&rsquo;analyse des dangers et l&rsquo;\u00e9valuation des risques selon le concept HACCP \u00e0 toutes les \u00e9tapes du processus d&rsquo;approvisionnement en eau. Les autocontr\u00f4les effectu\u00e9s par nos Ma\u00eetres fontainiers et les inspections du canton garantissent la qualit\u00e9 de l&rsquo;eau potable.<\/p>\n<p>Une fois par ann\u00e9e, le TLN est tenu d&rsquo;informer ses clients de la qualit\u00e9 de l&rsquo;eau potable. Ainsi cette information est disponible dans nos rapports sur la qualit\u00e9 de l&rsquo;eau potable. Des tests sont r\u00e9alis\u00e9s en continu tout au long de l&rsquo;ann\u00e9e. Les r\u00e9sultats sont rassembl\u00e9s dans les rapports qui paraissent au milieu de l&rsquo;ann\u00e9e civile en cours.<\/p>\n<\/div><\/div><div class=\"w-separator size_small\"><\/div><div class=\"w-image align_center\"><div class=\"w-image-h\"><img decoding=\"async\" width=\"2000\" height=\"1125\" src=\"https:\/\/tln-aqua.ch\/wp-content\/uploads\/2021\/06\/20210530_151659.jpg\" class=\"attachment-full size-full\" alt=\"\" loading=\"lazy\" srcset=\"https:\/\/tln-aqua.ch\/wp-content\/uploads\/2021\/06\/20210530_151659.jpg 2000w, https:\/\/tln-aqua.ch\/wp-content\/uploads\/2021\/06\/20210530_151659-300x169.jpg 300w, https:\/\/tln-aqua.ch\/wp-content\/uploads\/2021\/06\/20210530_151659-1024x576.jpg 1024w\" sizes=\"auto, (max-width: 2000px) 100vw, 2000px\" \/><\/div><\/div><div class=\"w-separator size_small\"><\/div><div class=\"wpb_text_column\"><div class=\"wpb_wrapper\"><blockquote>\n<p style=\"text-align: left;\"><em>L&rsquo;eau potable est pr\u00e9cieuse, nous devons en prendre soin.<\/em><\/p>\n<\/blockquote>\n<\/div><\/div><\/div><\/div><\/div><div class=\"vc_col-sm-4 wpb_column vc_column_container\"><div class=\"vc_column-inner\"><div class=\"wpb_wrapper\"><section class=\"l-section wpb_row height_huge with_video with_shape\"><div id=\"us_bg_video_q4b8\" class=\"l-section-video\"><script id=\"us_bg_video_q4b8-script\">!function(w){var node = document.getElementById( 'us_bg_video_q4b8' );if ( w.innerWidth <= 600 ) { node.remove() }}(window);<\/script><style>@media(max-width:600px){#us_bg_video_q4b8{display:none!important}}<\/style><video  autoplay loop muted playsinline preload=\"auto\" tabindex=\"-1\"><source type=\"video\/mp4\" src=\"\/wp-content\/uploads\/2021\/05\/pure-water-MU9V3Y9.mp4\" \/><\/video><\/div><div class=\"l-section-overlay\" style=\"background:rgba(0,136,206,0.95)\"><\/div><div class=\"l-section-shape type_wave pos_top hor_flip\" style=\"height:50px;\"><svg xmlns=\"http:\/\/www.w3.org\/2000\/svg\" viewBox=\"0 4 64 4\" preserveAspectRatio=\"none\" width=\"100%\" height=\"100%\">\r\n\t<path fill=\"currentColor\" d=\"M64 6 C32 0 32 12 0 6 L0 8 L64 8 Z\"\/>\r\n<\/svg><\/div><div class=\"l-section-shape type_wave pos_bottom\" style=\"height:50px;\"><svg xmlns=\"http:\/\/www.w3.org\/2000\/svg\" viewBox=\"0 4 64 4\" preserveAspectRatio=\"none\" width=\"100%\" height=\"100%\">\r\n\t<path fill=\"currentColor\" d=\"M64 6 C32 0 32 12 0 6 L0 8 L64 8 Z\"\/>\r\n<\/svg><\/div><div class=\"l-section-h i-cf\"><div class=\"g-cols vc_row via_flex valign_top type_default stacking_default\"><div class=\"vc_col-sm-12 wpb_column vc_column_container\"><div class=\"vc_column-inner\"><div class=\"wpb_wrapper\"><div class=\"g-cols wpb_row via_flex valign_top type_default stacking_default\"><div class=\"vc_col-sm-12 wpb_column vc_column_container\"><div class=\"vc_column-inner\"><div class=\"wpb_wrapper\"><div class=\"wpb_text_column us_custom_836f727b has_text_color\"><div class=\"wpb_wrapper\"><h3>Qualit\u00e9 de l&rsquo;eau &#8211; 2026<\/h3>\n<\/div><\/div><div class=\"w-iconbox us_custom_6c31cb53 has_text_color iconpos_left style_circle color_secondary align_left no_text\"><a target=\"_blank\" rel=\"nofollow\" href=\"https:\/\/tln-aqua.ch\/wp-content\/uploads\/2026\/05\/Analyse-qualite-eau-Ligerz-Twann-2025-2026.pdf\" class=\"w-iconbox-link\" aria-label=\"Twann-Ligerz, 07.2026\"><div class=\"w-iconbox-icon\" style=\"font-size:20px;\"><i class=\"fas fa-file-pdf\"><\/i><\/div><\/a><div class=\"w-iconbox-meta\"><h6 class=\"w-iconbox-title\"><a target=\"_blank\" rel=\"nofollow\" href=\"https:\/\/tln-aqua.ch\/wp-content\/uploads\/2026\/05\/Analyse-qualite-eau-Ligerz-Twann-2025-2026.pdf\" class=\"w-iconbox-link\" aria-label=\"Twann-Ligerz, 07.2026\">Twann-Ligerz, 07.2026<\/a><\/h6><\/div><\/div><div class=\"w-separator size_small\"><\/div><div class=\"w-iconbox us_custom_c3d1f13d has_text_color iconpos_left style_circle color_secondary align_left no_text\"><a target=\"_blank\" rel=\"nofollow\" href=\"https:\/\/tln-aqua.ch\/wp-content\/uploads\/2026\/05\/Analyse-qualite-eau-Tuscherz-2025-2026.pdf\" class=\"w-iconbox-link\" aria-label=\"T\u00fcscherz-Alferm\u00e9e, 07.2026\"><div class=\"w-iconbox-icon\" style=\"font-size:20px;\"><i class=\"fas fa-file-pdf\"><\/i><\/div><\/a><div class=\"w-iconbox-meta\"><h6 class=\"w-iconbox-title\"><a target=\"_blank\" rel=\"nofollow\" href=\"https:\/\/tln-aqua.ch\/wp-content\/uploads\/2026\/05\/Analyse-qualite-eau-Tuscherz-2025-2026.pdf\" class=\"w-iconbox-link\" aria-label=\"T\u00fcscherz-Alferm\u00e9e, 07.2026\">T\u00fcscherz-Alferm\u00e9e, 07.2026<\/a><\/h6><\/div><\/div><div class=\"w-separator size_small\"><\/div><div class=\"w-iconbox us_custom_c3d1f13d has_text_color iconpos_left style_circle color_secondary align_left no_text\"><a target=\"_blank\" rel=\"nofollow\" href=\"https:\/\/tln-aqua.ch\/wp-content\/uploads\/2026\/05\/Analyse-qualite-eau-LN-2025-2026.pdf\" class=\"w-iconbox-link\" aria-label=\"La Neuveville, 07.2026\"><div class=\"w-iconbox-icon\" style=\"font-size:20px;\"><i class=\"fas fa-file-pdf\"><\/i><\/div><\/a><div class=\"w-iconbox-meta\"><h6 class=\"w-iconbox-title\"><a target=\"_blank\" rel=\"nofollow\" href=\"https:\/\/tln-aqua.ch\/wp-content\/uploads\/2026\/05\/Analyse-qualite-eau-LN-2025-2026.pdf\" class=\"w-iconbox-link\" aria-label=\"La Neuveville, 07.2026\">La Neuveville, 07.2026<\/a><\/h6><\/div><\/div><\/div><\/div><\/div><\/div><div class=\"g-cols wpb_row via_flex valign_top type_default stacking_default\"><div class=\"vc_col-sm-12 wpb_column vc_column_container\"><div class=\"vc_column-inner\"><div class=\"wpb_wrapper\"><div class=\"w-separator size_medium\"><\/div><div class=\"wpb_text_column us_custom_8b3d6790 has_text_color\"><div class=\"wpb_wrapper\"><h3>Qualit\u00e9 de l&rsquo;eau &#8211; 2025<\/h3>\n<\/div><\/div><div class=\"w-iconbox us_custom_6c31cb53 has_text_color iconpos_left style_circle color_secondary align_left no_text\"><a target=\"_blank\" rel=\"nofollow\" href=\"https:\/\/tln-aqua.ch\/wp-content\/uploads\/2025\/07\/Analyse-qualite-eau-Ligerz-Twann-2024-2025.pdf\" class=\"w-iconbox-link\" aria-label=\"Twann-Ligerz 07.2025\"><div class=\"w-iconbox-icon\" style=\"font-size:20px;\"><i class=\"fas fa-file-pdf\"><\/i><\/div><\/a><div class=\"w-iconbox-meta\"><h6 class=\"w-iconbox-title\"><a target=\"_blank\" rel=\"nofollow\" href=\"https:\/\/tln-aqua.ch\/wp-content\/uploads\/2025\/07\/Analyse-qualite-eau-Ligerz-Twann-2024-2025.pdf\" class=\"w-iconbox-link\" aria-label=\"Twann-Ligerz 07.2025\">Twann-Ligerz 07.2025<\/a><\/h6><\/div><\/div><div class=\"w-separator size_small\"><\/div><div class=\"w-iconbox us_custom_6c31cb53 has_text_color iconpos_left style_circle color_secondary align_left no_text\"><a target=\"_blank\" rel=\"nofollow\" href=\"https:\/\/tln-aqua.ch\/wp-content\/uploads\/2025\/07\/Analyse-qualite-eau-Tuscherz-2024-2025.pdf\" class=\"w-iconbox-link\" aria-label=\"T\u00fcscherz-Alferm\u00e9e 07.2025\"><div class=\"w-iconbox-icon\" style=\"font-size:20px;\"><i class=\"fas fa-file-pdf\"><\/i><\/div><\/a><div class=\"w-iconbox-meta\"><h6 class=\"w-iconbox-title\"><a target=\"_blank\" rel=\"nofollow\" href=\"https:\/\/tln-aqua.ch\/wp-content\/uploads\/2025\/07\/Analyse-qualite-eau-Tuscherz-2024-2025.pdf\" class=\"w-iconbox-link\" aria-label=\"T\u00fcscherz-Alferm\u00e9e 07.2025\">T\u00fcscherz-Alferm\u00e9e 07.2025<\/a><\/h6><\/div><\/div><div class=\"w-separator size_small\"><\/div><div class=\"w-iconbox us_custom_6c31cb53 has_text_color iconpos_left style_circle color_secondary align_left no_text\"><a target=\"_blank\" rel=\"nofollow\" href=\"https:\/\/tln-aqua.ch\/wp-content\/uploads\/2025\/07\/Analyse-qualite-eau-LN-2024-2025.pdf\" class=\"w-iconbox-link\" aria-label=\"La Neuveville 07.2025\"><div class=\"w-iconbox-icon\" style=\"font-size:20px;\"><i class=\"fas fa-file-pdf\"><\/i><\/div><\/a><div class=\"w-iconbox-meta\"><h6 class=\"w-iconbox-title\"><a target=\"_blank\" rel=\"nofollow\" href=\"https:\/\/tln-aqua.ch\/wp-content\/uploads\/2025\/07\/Analyse-qualite-eau-LN-2024-2025.pdf\" class=\"w-iconbox-link\" aria-label=\"La Neuveville 07.2025\">La Neuveville 07.2025<\/a><\/h6><\/div><\/div><\/div><\/div><\/div><\/div><div class=\"g-cols wpb_row via_flex valign_top type_default stacking_default\"><div class=\"vc_col-sm-12 wpb_column vc_column_container\"><div class=\"vc_column-inner\"><div class=\"wpb_wrapper\"><div class=\"w-separator size_medium\"><\/div><div class=\"wpb_text_column us_custom_8b3d6790 has_text_color\"><div class=\"wpb_wrapper\"><h3>Qualit\u00e9 de l&rsquo;eau &#8211; 2024<\/h3>\n<\/div><\/div><div class=\"w-iconbox us_custom_6c31cb53 has_text_color iconpos_left style_circle color_secondary align_left no_text\"><a target=\"_blank\" rel=\"nofollow\" href=\"https:\/\/tln-aqua.ch\/wp-content\/uploads\/2024\/07\/Wasserqualitat-Ligerz-Twann-6mt-2024.pdf\" class=\"w-iconbox-link\" aria-label=\"Twann-Ligerz 07.2024\"><div class=\"w-iconbox-icon\" style=\"font-size:20px;\"><i class=\"fas fa-file-pdf\"><\/i><\/div><\/a><div class=\"w-iconbox-meta\"><h6 class=\"w-iconbox-title\"><a target=\"_blank\" rel=\"nofollow\" href=\"https:\/\/tln-aqua.ch\/wp-content\/uploads\/2024\/07\/Wasserqualitat-Ligerz-Twann-6mt-2024.pdf\" class=\"w-iconbox-link\" aria-label=\"Twann-Ligerz 07.2024\">Twann-Ligerz 07.2024<\/a><\/h6><\/div><\/div><div class=\"w-separator size_small\"><\/div><div class=\"w-iconbox us_custom_6c31cb53 has_text_color iconpos_left style_circle color_secondary align_left no_text\"><a target=\"_blank\" rel=\"nofollow\" href=\"https:\/\/tln-aqua.ch\/wp-content\/uploads\/2024\/07\/Wasserqualitat-Tuscherz_6mt-.2024.pdf\" class=\"w-iconbox-link\" aria-label=\"T\u00fcscherz-Alferm\u00e9e 07.2024\"><div class=\"w-iconbox-icon\" style=\"font-size:20px;\"><i class=\"fas fa-file-pdf\"><\/i><\/div><\/a><div class=\"w-iconbox-meta\"><h6 class=\"w-iconbox-title\"><a target=\"_blank\" rel=\"nofollow\" href=\"https:\/\/tln-aqua.ch\/wp-content\/uploads\/2024\/07\/Wasserqualitat-Tuscherz_6mt-.2024.pdf\" class=\"w-iconbox-link\" aria-label=\"T\u00fcscherz-Alferm\u00e9e 07.2024\">T\u00fcscherz-Alferm\u00e9e 07.2024<\/a><\/h6><\/div><\/div><div class=\"w-separator size_small\"><\/div><div class=\"w-iconbox us_custom_6c31cb53 has_text_color iconpos_left style_circle color_secondary align_left no_text\"><a target=\"_blank\" rel=\"nofollow\" href=\"https:\/\/tln-aqua.ch\/wp-content\/uploads\/2024\/07\/Wasserqualitat-Neuenstadt-6mt.-2024.pdf\" class=\"w-iconbox-link\" aria-label=\"La Neuveville 07.2024\"><div class=\"w-iconbox-icon\" style=\"font-size:20px;\"><i class=\"fas fa-file-pdf\"><\/i><\/div><\/a><div class=\"w-iconbox-meta\"><h6 class=\"w-iconbox-title\"><a target=\"_blank\" rel=\"nofollow\" href=\"https:\/\/tln-aqua.ch\/wp-content\/uploads\/2024\/07\/Wasserqualitat-Neuenstadt-6mt.-2024.pdf\" class=\"w-iconbox-link\" aria-label=\"La Neuveville 07.2024\">La Neuveville 07.2024<\/a><\/h6><\/div><\/div><\/div><\/div><\/div><\/div><\/div><\/div><\/div><div class=\"vc_col-sm-12 wpb_column vc_column_container has_text_color\"><div class=\"vc_column-inner us_custom_6df4bc3a\"><div class=\"wpb_wrapper\"><\/div><\/div><\/div><\/div><\/div><\/section>\n<\/div><\/div><\/div><\/div><\/div><\/div><\/div><\/div><\/div><\/section><section class=\"l-section wpb_row height_medium width_full with_shape\" id=\"Brunnm\u00fcli2\"><div class=\"l-section-shape type_wave pos_top hor_flip\" style=\"height:5vh;\"><svg xmlns=\"http:\/\/www.w3.org\/2000\/svg\" viewBox=\"0 4 64 4\" preserveAspectRatio=\"none\" width=\"100%\" height=\"100%\">\r\n\t<path fill=\"currentColor\" d=\"M64 6 C32 0 32 12 0 6 L0 8 L64 8 Z\"\/>\r\n<\/svg><\/div><div class=\"l-section-h i-cf\"><div class=\"g-cols vc_row via_flex valign_top type_boxes stacking_default\"><div class=\"vc_col-sm-12 wpb_column vc_column_container\"><div class=\"vc_column-inner\"><div class=\"wpb_wrapper\"><div class=\"g-cols wpb_row via_flex valign_top type_default stacking_default\"><div class=\"vc_col-sm-12 wpb_column vc_column_container\"><div class=\"vc_column-inner\"><div class=\"wpb_wrapper\"><div class=\"wpb_text_column\"><div class=\"wpb_wrapper\"><h2>Brunnm\u00fcli II<\/h2>\n<p>Inaugur\u00e9e en juillet 2023, la station de captage de la source Brunnm\u00fcli \u00e0 Ligerz est devenue essentielle pour l&rsquo;approvisionnement en eau potable sur la rive gauche du Lac de Bienne, marquant l&rsquo;ach\u00e8vement d&rsquo;un projet ambitieux men\u00e9 par le bureau d&rsquo;ing\u00e9nieurs RWB Berne SA depuis 2020 mais initi\u00e9 depuis 2014 par le comit\u00e9 . Rempla\u00e7ant des installations datant de 1885 (Brunnm\u00fcli I, ci-dessous) et ne r\u00e9pondant plus aux normes modernes, cette nouvelle infrastructure garantit une capacit\u00e9 de pompage de 4000 m\u00b3 par heure depuis la source de Brunnm\u00fcli vers La Neuveville et le reste de la zone que dessert le TLN, assurant ainsi une eau de qualit\u00e9 \u00e0 ses usagers. Cette r\u00e9alisation souligne l&rsquo;importance de la gestion et du traitement de l&rsquo;eau dans le contexte actuel, o\u00f9 garantir l&rsquo;acc\u00e8s \u00e0 l&rsquo;eau potable est un enjeu majeur.<\/p>\n<p>La mise en \u0153uvre du projet a n\u00e9cessit\u00e9 une planification rigoureuse et une approche innovante, notamment l&rsquo;introduction d&rsquo;une installation d&rsquo;ultrafiltration con\u00e7ue pour purifier l&rsquo;eau sans en alt\u00e9rer les min\u00e9raux essentiels, assurant une qualit\u00e9 irr\u00e9prochable de l&rsquo;eau potable. L&rsquo;expertise de RWB et la conduite du bureau ATB de Moutier a \u00e9t\u00e9 cruciale pour d\u00e9velopper une solution sur mesure, int\u00e9grant la station dans une zone de protection tout en minimisant l&rsquo;impact environnemental, illustrant un engagement fort envers le d\u00e9veloppement durable et la pr\u00e9servation des ressources naturelles.<\/p>\n<p>Cette station de traitement et de pompage est un jalon important pour la r\u00e9gion, offrant une infrastructure moderne et efficace pour la gestion des ressources en eau, et symbolise l&rsquo;engagement du TLN et de ses partenaires vers l&rsquo;innovation et la durabilit\u00e9. En assurant une gestion professionnelle et une maintenance facilit\u00e9e gr\u00e2ce \u00e0 la supervision \u00e0 distance, ce projet incarne une avanc\u00e9e significative dans l&rsquo;approvisionnement en eau potable, garantissant sa disponibilit\u00e9 pour les g\u00e9n\u00e9rations futures et renfor\u00e7ant la r\u00e9silience face aux d\u00e9fis environnementaux.<\/p>\n<\/div><\/div><div class=\"w-separator size_small\"><\/div><\/div><\/div><\/div><\/div><div class=\"g-cols wpb_row via_flex valign_top type_default stacking_default\"><div class=\"vc_col-sm-6 wpb_column vc_column_container\"><div class=\"vc_column-inner\"><div class=\"wpb_wrapper\"><div class=\"w-slider style_none fit_scaledown nav_none count_8\"><div class=\"w-slider-h\" aria-hidden=\"true\"><div class=\"royalSlider\"><div class=\"rsContent\"><a class=\"rsImg\" data-rsw=\"1024\" data-rsh=\"683\" href=\"https:\/\/tln-aqua.ch\/wp-content\/uploads\/2024\/03\/IMG_0995-1024x683.jpg\"><span data-alt=\"\"><\/span><\/a><\/div><div class=\"rsContent\"><a class=\"rsImg\" data-rsw=\"1024\" data-rsh=\"683\" href=\"https:\/\/tln-aqua.ch\/wp-content\/uploads\/2024\/03\/IMG_1008-1024x683.jpg\"><span data-alt=\"\"><\/span><\/a><\/div><div class=\"rsContent\"><a class=\"rsImg\" data-rsw=\"1024\" data-rsh=\"683\" href=\"https:\/\/tln-aqua.ch\/wp-content\/uploads\/2024\/03\/IMG_1013-1024x683.jpg\"><span data-alt=\"\"><\/span><\/a><\/div><div class=\"rsContent\"><a class=\"rsImg\" data-rsw=\"1024\" data-rsh=\"683\" href=\"https:\/\/tln-aqua.ch\/wp-content\/uploads\/2024\/03\/IMG_1015-1024x683.jpg\"><span data-alt=\"\"><\/span><\/a><\/div><div class=\"rsContent\"><a class=\"rsImg\" data-rsw=\"1024\" data-rsh=\"768\" href=\"https:\/\/tln-aqua.ch\/wp-content\/uploads\/2024\/03\/20230707_182047-1024x768.jpg\"><span data-alt=\"\"><\/span><\/a><\/div><div class=\"rsContent\"><a class=\"rsImg\" data-rsw=\"1024\" data-rsh=\"768\" href=\"https:\/\/tln-aqua.ch\/wp-content\/uploads\/2021\/07\/IMG_2434-1024x768.jpg\"><span data-alt=\"\"><\/span><\/a><\/div><div class=\"rsContent\"><a class=\"rsImg\" data-rsw=\"1024\" data-rsh=\"724\" href=\"https:\/\/tln-aqua.ch\/wp-content\/uploads\/2024\/03\/211230_BrunnmuliPumwerk_4575-1024x724.jpg\"><span data-alt=\"\"><\/span><\/a><\/div><div class=\"rsContent\"><a class=\"rsImg\" data-rsw=\"1024\" data-rsh=\"724\" href=\"https:\/\/tln-aqua.ch\/wp-content\/uploads\/2024\/03\/211230_BrunnmuliPumwerk_4563-1024x724.jpg\"><span data-alt=\"\"><\/span><\/a><\/div><\/div><img decoding=\"async\" src=\"https:\/\/tln-aqua.ch\/wp-content\/uploads\/2024\/03\/IMG_0995-1024x683.jpg\" width=\"1024\" height=\"683\" alt loading=\"lazy\"><\/div><div class=\"w-slider-json\" onclick='return {&quot;autoScaleSlider&quot;:true,&quot;addActiveClass&quot;:true,&quot;loop&quot;:true,&quot;fadeInLoadedSlide&quot;:false,&quot;slidesSpacing&quot;:0,&quot;imageScalePadding&quot;:0,&quot;numImagesToPreload&quot;:2,&quot;arrowsNav&quot;:true,&quot;arrowsNavAutoHide&quot;:false,&quot;transitionType&quot;:&quot;move&quot;,&quot;transitionSpeed&quot;:250,&quot;block&quot;:{&quot;moveEffect&quot;:&quot;none&quot;,&quot;speed&quot;:300},&quot;thumbs&quot;:{&quot;fitInViewport&quot;:false,&quot;firstMargin&quot;:false,&quot;spacing&quot;:4},&quot;controlNavigation&quot;:&quot;none&quot;,&quot;autoScaleSliderWidth&quot;:1024,&quot;autoScaleSliderHeight&quot;:683}'><\/div><\/div><\/div><\/div><\/div><div class=\"vc_col-sm-6 wpb_column vc_column_container\"><div class=\"vc_column-inner\"><div class=\"wpb_wrapper\"><div class=\"wpb_text_column\"><div class=\"wpb_wrapper\"><blockquote>\n<p style=\"text-align: left;\"><em>La mise en service de la station de captage de la source Br\u00fcnnmuhle \u00e0 Ligerz repr\u00e9sente une \u00e9tape fondamentale dans notre engagement \u00e0 garantir un approvisionnement en eau potable durable et de qualit\u00e9 pour tous. Ce projet illustre parfaitement notre d\u00e9termination \u00e0 surmonter les d\u00e9fis modernes de gestion de l&rsquo;eau, assurant ainsi la s\u00e9curit\u00e9 hydrique de notre communaut\u00e9 pour les d\u00e9cennies \u00e0 venir.<\/em><\/p>\n<p style=\"text-align: left;\">S. Caliaro, Pr\u00e9sident du TLN<\/p>\n<\/blockquote>\n<\/div><\/div><\/div><\/div><\/div><\/div><div class=\"w-separator size_small\"><\/div><\/div><\/div><\/div><\/div><\/div><\/section><section class=\"l-section wpb_row height_huge with_img parallax_fixed with_shape\" id=\"conseils\"><div class=\"l-section-img\" role=\"img\" aria-label=\"Image\" data-img-width=\"1920\" data-img-height=\"1079\" style=\"background-image: url(https:\/\/tln-aqua.ch\/wp-content\/uploads\/2021\/05\/tln-ligerz.jpg);background-repeat: no-repeat;\"><\/div><div class=\"l-section-overlay\" style=\"background:rgba(0,136,206,0.95)\"><\/div><div class=\"l-section-shape type_wave pos_top hor_flip\" style=\"height:50px;\"><svg xmlns=\"http:\/\/www.w3.org\/2000\/svg\" viewBox=\"0 4 64 4\" preserveAspectRatio=\"none\" width=\"100%\" height=\"100%\">\r\n\t<path fill=\"currentColor\" d=\"M64 6 C32 0 32 12 0 6 L0 8 L64 8 Z\"\/>\r\n<\/svg><\/div><div class=\"l-section-shape type_wave pos_bottom\" style=\"height:50px;color:#0077b5\"><svg xmlns=\"http:\/\/www.w3.org\/2000\/svg\" viewBox=\"0 4 64 4\" preserveAspectRatio=\"none\" width=\"100%\" height=\"100%\">\r\n\t<path fill=\"currentColor\" d=\"M64 6 C32 0 32 12 0 6 L0 8 L64 8 Z\"\/>\r\n<\/svg><\/div><div class=\"l-section-h i-cf\"><div class=\"g-cols vc_row via_flex valign_top type_default stacking_default\"><div class=\"vc_col-sm-12 wpb_column vc_column_container\"><div class=\"vc_column-inner\"><div class=\"wpb_wrapper\"><div class=\"w-separator size_huge\"><\/div><div class=\"wpb_text_column us_custom_6df4bc3a has_text_color\"><div class=\"wpb_wrapper\"><h2 style=\"text-align: center;\">Conseils d&rsquo;utilisation de l&rsquo;eau<\/h2>\n<\/div><\/div><div class=\"w-separator size_medium\"><\/div><div class=\"w-grid us_grid type_grid layout_323 cols_3 preload_style_spinner overflow_hidden\" id=\"us_grid_1\" style=\"--columns:3;--gap:1.5rem;\" data-filterable=\"true\"><style>@media (max-width:1024px){#us_grid_1{--columns:2!important}}@media (max-width:600px){#us_grid_1{--columns:1!important}}.layout_323 .w-grid-item-h{background:var(--color-content-bg);color:var(--color-content-text);border-radius:0.3rem;box-shadow:0 0.03rem 0.06rem rgba(0,0,0,0.1),0 0.1rem 0.3rem rgba(0,0,0,0.1);transition-duration:0.3s}.no-touch .layout_323 .w-grid-item-h:hover{box-shadow:0 0.1rem 0.2rem rgba(0,0,0,0.1),0 0.33rem 1rem rgba(0,0,0,0.15);z-index:4}.layout_323 .usg_post_title_1{font-size:1.4rem!important;font-weight:700!important}.layout_323 .usg_vwrapper_1{padding:9% 11% 11% 11%!important}.layout_323 .usg_post_taxonomy_1{font-weight:700!important;text-transform:uppercase!important;font-size:10px!important;position:absolute!important;top:1.2rem!important;right:1.2rem!important;left:1.2rem!important}.layout_323 .usg_hwrapper_1{color:var(--color-content-faded)!important;font-size:0.9rem!important}@media (max-width:600px){.layout_323 .usg_post_title_1{font-size:1.2rem!important}}<\/style><div class=\"w-grid-list\">\t<article class=\"w-grid-item size_1x1 post-790 post type-post status-publish format-standard has-post-thumbnail hentry category-conseils\" data-id=\"790\">\r\n\t\t<div class=\"w-grid-item-h\">\r\n\t\t\t\t\t\t<div class=\"w-post-elm post_image usg_post_image_1 has_ratio\"><a href=\"https:\/\/tln-aqua.ch\/fr\/wie-viel-wasser-brauchen-sie-pro-tag\/\" aria-label=\"Quelle quantit\u00e9 d&rsquo;eau consommez-vous par jour ?\"><img loading=\"lazy\" decoding=\"async\" width=\"1024\" height=\"683\" src=\"https:\/\/tln-aqua.ch\/wp-content\/uploads\/2021\/05\/tln-redesign-7-1024x683.jpg\" class=\"attachment-large size-large wp-post-image\" alt=\"\" \/><\/a><div style=\"padding-bottom:75%\"><\/div><\/div><div class=\"w-post-elm post_taxonomy usg_post_taxonomy_1 style_badge color_link_inherit\"><a class=\"w-btn us-btn-style_badge term-26 term-conseils\" href=\"https:\/\/tln-aqua.ch\/fr\/category\/conseils\/\"><span class=\"w-btn-label\">Conseils d&rsquo;utilisation de l&rsquo;eau<\/span><\/a><\/div><div class=\"w-vwrapper usg_vwrapper_1 align_left valign_top\" style=\"--vwrapper-gap: 0.7rem;\"><h2 class=\"w-post-elm post_title usg_post_title_1 color_link_inherit\"><a href=\"https:\/\/tln-aqua.ch\/fr\/wie-viel-wasser-brauchen-sie-pro-tag\/\">Quelle quantit\u00e9 d&rsquo;eau consommez-vous par jour ?<\/a><\/h2><div class=\"w-hwrapper usg_hwrapper_1 has_text_color align_left valign_top wrap\" style=\"--hwrapper-gap: 1.2rem;\"><time class=\"w-post-elm post_date usg_post_date_1 entry-date published\" datetime=\"2024-02-23T11:21:42+01:00\" title=\"23 f\u00e9vrier 2024 \u00e0 11:21:42 Europe\/Zurich\">23. f\u00e9vrier 2024<\/time><\/div><div class=\"w-post-elm post_content usg_post_content_1\">\u00c0 la maison, chaque Suisse utilise en moyenne 142 litres d&rsquo;eau par jour. La plus grande partie de l&rsquo;eau (environ\u2026<\/div><\/div>\t\t<\/div>\r\n\t\t\t<\/article>\r\n\t<article class=\"w-grid-item size_1x1 post-786 post type-post status-publish format-standard has-post-thumbnail hentry category-conseils\" data-id=\"786\">\r\n\t\t<div class=\"w-grid-item-h\">\r\n\t\t\t\t\t\t<div class=\"w-post-elm post_image usg_post_image_1 has_ratio\"><a href=\"https:\/\/tln-aqua.ch\/fr\/entwicklung-des-wasserverbrauchs-seit-1990\/\" aria-label=\"\u00c9volution de la consommation d&rsquo;eau depuis 1990\"><img loading=\"lazy\" decoding=\"async\" width=\"1024\" height=\"683\" src=\"https:\/\/tln-aqua.ch\/wp-content\/uploads\/2021\/06\/DSC_7153-1024x683.jpg\" class=\"attachment-large size-large wp-post-image\" alt=\"\" \/><\/a><div style=\"padding-bottom:75%\"><\/div><\/div><div class=\"w-post-elm post_taxonomy usg_post_taxonomy_1 style_badge color_link_inherit\"><a class=\"w-btn us-btn-style_badge term-26 term-conseils\" href=\"https:\/\/tln-aqua.ch\/fr\/category\/conseils\/\"><span class=\"w-btn-label\">Conseils d&rsquo;utilisation de l&rsquo;eau<\/span><\/a><\/div><div class=\"w-vwrapper usg_vwrapper_1 align_left valign_top\" style=\"--vwrapper-gap: 0.7rem;\"><h2 class=\"w-post-elm post_title usg_post_title_1 color_link_inherit\"><a href=\"https:\/\/tln-aqua.ch\/fr\/entwicklung-des-wasserverbrauchs-seit-1990\/\">\u00c9volution de la consommation d&rsquo;eau depuis 1990<\/a><\/h2><div class=\"w-hwrapper usg_hwrapper_1 has_text_color align_left valign_top wrap\" style=\"--hwrapper-gap: 1.2rem;\"><time class=\"w-post-elm post_date usg_post_date_1 entry-date published\" datetime=\"2024-01-23T11:21:27+01:00\" title=\"23 janvier 2024 \u00e0 11:21:27 Europe\/Zurich\">23. janvier 2024<\/time><\/div><div class=\"w-post-elm post_content usg_post_content_1\">Les pr\u00e9l\u00e8vements d&rsquo;eau sont \u00e0 50 % publics (eau potable) et \u00e0 50 % priv\u00e9s (principalement de l&rsquo;agriculture et de\u2026<\/div><\/div>\t\t<\/div>\r\n\t\t\t<\/article>\r\n\t<article class=\"w-grid-item size_1x1 post-793 post type-post status-publish format-standard has-post-thumbnail hentry category-conseils\" data-id=\"793\">\r\n\t\t<div class=\"w-grid-item-h\">\r\n\t\t\t\t\t\t<div class=\"w-post-elm post_image usg_post_image_1 has_ratio\"><a href=\"https:\/\/tln-aqua.ch\/fr\/une-douche-au-lieu-dun-bain\/\" aria-label=\"Une douche au lieu d&rsquo;un bain\"><img loading=\"lazy\" decoding=\"async\" width=\"1024\" height=\"683\" src=\"https:\/\/tln-aqua.ch\/wp-content\/uploads\/2020\/05\/tln-duschen-1024x683.jpg\" class=\"attachment-large size-large wp-post-image\" alt=\"\" \/><\/a><div style=\"padding-bottom:75%\"><\/div><\/div><div class=\"w-post-elm post_taxonomy usg_post_taxonomy_1 style_badge color_link_inherit\"><a class=\"w-btn us-btn-style_badge term-26 term-conseils\" href=\"https:\/\/tln-aqua.ch\/fr\/category\/conseils\/\"><span class=\"w-btn-label\">Conseils d&rsquo;utilisation de l&rsquo;eau<\/span><\/a><\/div><div class=\"w-vwrapper usg_vwrapper_1 align_left valign_top\" style=\"--vwrapper-gap: 0.7rem;\"><h2 class=\"w-post-elm post_title usg_post_title_1 color_link_inherit\"><a href=\"https:\/\/tln-aqua.ch\/fr\/une-douche-au-lieu-dun-bain\/\">Une douche au lieu d&rsquo;un bain<\/a><\/h2><div class=\"w-hwrapper usg_hwrapper_1 has_text_color align_left valign_top wrap\" style=\"--hwrapper-gap: 1.2rem;\"><time class=\"w-post-elm post_date usg_post_date_1 entry-date published\" datetime=\"2023-10-02T11:21:53+02:00\" title=\"2 octobre 2023 \u00e0 11:21:53 Europe\/Zurich\">2. octobre 2023<\/time><\/div><div class=\"w-post-elm post_content usg_post_content_1\">Une grande partie de la consommation d&rsquo;eau dans la salle de bains est due \u00e0 l&rsquo;hygi\u00e8ne quotidienne. Mais bien s\u00fbr,\u2026<\/div><\/div>\t\t<\/div>\r\n\t\t\t<\/article>\r\n\t<article class=\"w-grid-item size_1x1 post-789 post type-post status-publish format-standard has-post-thumbnail hentry category-conseils\" data-id=\"789\">\r\n\t\t<div class=\"w-grid-item-h\">\r\n\t\t\t\t\t\t<div class=\"w-post-elm post_image usg_post_image_1 has_ratio\"><a href=\"https:\/\/tln-aqua.ch\/fr\/trinkwasser-oder-mineralwasser\/\" aria-label=\"Eau potable ou eau min\u00e9rale ?\"><img loading=\"lazy\" decoding=\"async\" width=\"1024\" height=\"683\" src=\"https:\/\/tln-aqua.ch\/wp-content\/uploads\/2021\/05\/tln-redesign-3-1024x683.jpg\" class=\"attachment-large size-large wp-post-image\" alt=\"\" \/><\/a><div style=\"padding-bottom:75%\"><\/div><\/div><div class=\"w-post-elm post_taxonomy usg_post_taxonomy_1 style_badge color_link_inherit\"><a class=\"w-btn us-btn-style_badge term-26 term-conseils\" href=\"https:\/\/tln-aqua.ch\/fr\/category\/conseils\/\"><span class=\"w-btn-label\">Conseils d&rsquo;utilisation de l&rsquo;eau<\/span><\/a><\/div><div class=\"w-vwrapper usg_vwrapper_1 align_left valign_top\" style=\"--vwrapper-gap: 0.7rem;\"><h2 class=\"w-post-elm post_title usg_post_title_1 color_link_inherit\"><a href=\"https:\/\/tln-aqua.ch\/fr\/trinkwasser-oder-mineralwasser\/\">Eau potable ou eau min\u00e9rale ?<\/a><\/h2><div class=\"w-hwrapper usg_hwrapper_1 has_text_color align_left valign_top wrap\" style=\"--hwrapper-gap: 1.2rem;\"><time class=\"w-post-elm post_date usg_post_date_1 entry-date published\" datetime=\"2021-07-23T11:21:40+02:00\" title=\"23 juillet 2021 \u00e0 11:21:40 Europe\/Zurich\">23. juillet 2021<\/time><\/div><div class=\"w-post-elm post_content usg_post_content_1\">L&rsquo;eau min\u00e9rale &#8211; contrairement \u00e0 l&rsquo;eau potable simple &#8211; doit \u00eatre obtenue \u00e0 partir de sources naturelles ou des sources\u2026<\/div><\/div>\t\t<\/div>\r\n\t\t\t<\/article>\r\n<\/div>\t<div class=\"w-grid-preloader\">\r\n\t\t<div class=\"g-preloader type_1\">\r\n\t\t\t<div><\/div>\r\n\t\t<\/div>\r\n\t<\/div>\r\n\t\t<div class=\"w-grid-json hidden\" onclick='return {&quot;action&quot;:&quot;us_ajax_grid&quot;,&quot;infinite_scroll&quot;:0,&quot;max_num_pages&quot;:1,&quot;pagination&quot;:&quot;none&quot;,&quot;template_vars&quot;:{&quot;columns&quot;:&quot;3&quot;,&quot;exclude_items&quot;:&quot;none&quot;,&quot;img_size&quot;:&quot;default&quot;,&quot;ignore_items_size&quot;:0,&quot;items_layout&quot;:&quot;323&quot;,&quot;items_offset&quot;:&quot;1&quot;,&quot;load_animation&quot;:&quot;none&quot;,&quot;overriding_link&quot;:&quot;{\\&quot;url\\&quot;:\\&quot;\\&quot;}&quot;,&quot;post_id&quot;:0,&quot;query_args&quot;:{&quot;post_type&quot;:[&quot;post&quot;],&quot;tax_query&quot;:[{&quot;taxonomy&quot;:&quot;category&quot;,&quot;field&quot;:&quot;slug&quot;,&quot;terms&quot;:[&quot;tipps-wassersparen&quot;,&quot;conseil-economie-de-leau&quot;,&quot;conseils&quot;]}],&quot;post_status&quot;:[&quot;publish&quot;],&quot;posts_per_page&quot;:&quot;10&quot;},&quot;orderby_query_args&quot;:{&quot;orderby&quot;:{&quot;date&quot;:&quot;DESC&quot;}},&quot;type&quot;:&quot;grid&quot;,&quot;us_grid_post_type&quot;:&quot;post&quot;,&quot;us_grid_ajax_index&quot;:1,&quot;us_grid_filter_query_string&quot;:null,&quot;us_grid_index&quot;:1,&quot;page_args&quot;:[],&quot;lang&quot;:&quot;fr&quot;}}'><\/div>\r\n\t<\/div><div class=\"w-separator size_huge\"><\/div><\/div><\/div><\/div><\/div><\/div><\/section>\n","protected":false},"excerpt":{"rendered":"L&rsquo;eau min\u00e9rale &#8211; contrairement \u00e0 l&rsquo;eau potable simple &#8211; doit \u00eatre obtenue \u00e0 partir de sources naturelles ou des sources d&rsquo;eau souterraines. Elle doit avoir une teneur constante en min\u00e9raux naturels et ne doit pas \u00eatre alt\u00e9r\u00e9, sauf par l&rsquo;ajout d&rsquo;acide carbonique. L&rsquo;eau min\u00e9rale et l&rsquo;eau potable doivent r\u00e9pondre aux exigences \u00e9lev\u00e9es de la l\u00e9gislation...","protected":false},"author":1,"featured_media":0,"parent":0,"menu_order":0,"comment_status":"closed","ping_status":"closed","template":"","meta":{"footnotes":""},"class_list":["post-729","page","type-page","status-publish","hentry"],"_links":{"self":[{"href":"https:\/\/tln-aqua.ch\/fr\/wp-json\/wp\/v2\/pages\/729","targetHints":{"allow":["GET"]}}],"collection":[{"href":"https:\/\/tln-aqua.ch\/fr\/wp-json\/wp\/v2\/pages"}],"about":[{"href":"https:\/\/tln-aqua.ch\/fr\/wp-json\/wp\/v2\/types\/page"}],"author":[{"embeddable":true,"href":"https:\/\/tln-aqua.ch\/fr\/wp-json\/wp\/v2\/users\/1"}],"replies":[{"embeddable":true,"href":"https:\/\/tln-aqua.ch\/fr\/wp-json\/wp\/v2\/comments?post=729"}],"version-history":[{"count":34,"href":"https:\/\/tln-aqua.ch\/fr\/wp-json\/wp\/v2\/pages\/729\/revisions"}],"predecessor-version":[{"id":1548,"href":"https:\/\/tln-aqua.ch\/fr\/wp-json\/wp\/v2\/pages\/729\/revisions\/1548"}],"wp:attachment":[{"href":"https:\/\/tln-aqua.ch\/fr\/wp-json\/wp\/v2\/media?parent=729"}],"curies":[{"name":"wp","href":"https:\/\/api.w.org\/{rel}","templated":true}]}}